{"id":524,"date":"2022-05-05T15:58:08","date_gmt":"2022-05-05T13:58:08","guid":{"rendered":"http:\/\/chateauderolle.ch\/?page_id=524"},"modified":"2023-01-16T01:34:40","modified_gmt":"2023-01-16T00:34:40","slug":"etats-de-vaud","status":"publish","type":"page","link":"https:\/\/chateauderolle.ch\/index.php\/etats-de-vaud\/","title":{"rendered":"ETATS DE VAUD"},"content":{"rendered":"<div align=\"justify\">\n<p><span style=\"font-size: 16px;\"><b><span style=\"color: #5d909e;\"><span style=\"color: #086b99; font-size: 20px;\">Les Etats de Vaud<\/span><img loading=\"lazy\" decoding=\"async\" class=\"size-medium wp-image-530 alignright\" src=\"http:\/\/chateauderolle.ch\/wp-content\/uploads\/2022\/05\/Capture-300x295.jpg\" alt=\"\" width=\"300\" height=\"295\" srcset=\"https:\/\/chateauderolle.ch\/wp-content\/uploads\/2022\/05\/Capture-300x295.jpg 300w, https:\/\/chateauderolle.ch\/wp-content\/uploads\/2022\/05\/Capture-768x755.jpg 768w, https:\/\/chateauderolle.ch\/wp-content\/uploads\/2022\/05\/Capture.jpg 792w\" sizes=\"(max-width: 300px) 100vw, 300px\" \/><\/span><br \/>\n<\/b><\/span><br \/>\n<span style=\"font-size: 16px;\">Une institution a permis aux sujets directs des Savoie de jouer un r\u00f4le politique non n\u00e9gligeable. Attribu\u00e9s faussement \u00e0 Pierre de Savoie, les Etats de Vaud ne sont attest\u00e9s dans les sources que d\u00e8s le milieu du XIV e si\u00e8cle. Le comte, puis duc de Savoie ( Am\u00e9d\u00e9e VIII re\u00e7oit ce titre en 1416), convoque les repr\u00e9sentants des eccl\u00e9siastiques, des nobles et des bourgeois des villes, c&rsquo;est-\u00e0-dire les \u00ab\u00a0Trois Etats\u00a0\u00bb, comme cela se faisait en Savoie, au Pi\u00e9mont, ou dans certaines provinces fran\u00e7aises, pour obtenir leur aide ou avis.<\/span><\/p>\n<p><span style=\"font-size: 16px;\">Mais, et c&rsquo;est un privil\u00e8ge remarquable, les Etats de Vaud peuvent prendre l&rsquo;initiative de se r\u00e9unir pour discuter les affaires du pays. Les eccl\u00e9siastiques &#8211; les abb\u00e9s et prieurs &#8211; n&rsquo;y participent que peu. Les nobles convoqu\u00e9s sont les vassaux directs du comte de Savoie, par exemple le comte de Gruy\u00e8re, les sires de Blonay, de La Sarraz. Ces assembl\u00e9es, fr\u00e9quentes, ne r\u00e9unissaient le plus souvent que les d\u00e9put\u00e9s des villes d\u00e9pendant directement de la Maison de Savoie, entre autres les \u00ab\u00a0Bonnes Villes \u00a0\u00bb de Moudon, Nyon, Yverdon et Morges. Les rencontres avaient lieu en g\u00e9n\u00e9ral \u00e0 Moudon.<\/span><\/p>\n<p><span style=\"font-size: 16px;\">Gr\u00e2ce aux Etats de Vaud, ces villes purent d\u00e9fendre leurs privil\u00e8ges : le duc ne pouvait exiger un service militaire (la chevauch\u00e9e) plus long que celui pr\u00e9vu par les chartes, faire compara\u00eetre les bourgeois devant une cour de justice qui n&rsquo;\u00e9tait pas la leur, lever des contributions sans leur accord. Elles y veill\u00e8rent avec un soin jaloux. La faiblesse du gouvernement savoyard d\u00e8s le XV e si\u00e8cle conduira les Etats de Vaud \u00e0 assumer eux-m\u00eames les destin\u00e9es du Pays de Vaud, notamment depuis les guerres de Bourgogne (1474-1476).<\/span><\/p>\n<p>&nbsp;<\/p>\n<p><span style=\"font-size: 16px;\"><b><span style=\"color: #5d909e;\"><span style=\"font-size: 20px; color: #086b99;\">La peste<\/span><br \/>\n<\/span><\/b><img loading=\"lazy\" decoding=\"async\" class=\"wp-image-531 alignright\" style=\"color: #5d909e; font-size: 16px; font-weight: bold;\" src=\"http:\/\/chateauderolle.ch\/wp-content\/uploads\/2022\/05\/peste_moyenage-300x225.jpg\" alt=\"\" width=\"318\" height=\"238\" srcset=\"https:\/\/chateauderolle.ch\/wp-content\/uploads\/2022\/05\/peste_moyenage-300x225.jpg 300w, https:\/\/chateauderolle.ch\/wp-content\/uploads\/2022\/05\/peste_moyenage-768x576.jpg 768w, https:\/\/chateauderolle.ch\/wp-content\/uploads\/2022\/05\/peste_moyenage.jpg 1000w\" sizes=\"(max-width: 318px) 100vw, 318px\" \/><b><br \/>\n<\/b><\/span><span style=\"font-size: 16px;\">La peste, arriv\u00e9e en Europe en 1347, marqua pour l&rsquo;Europe et pour le canton de Vaud le d\u00e9but d&rsquo;une longue crise. Il semble qu&rsquo;elle ait peu frapp\u00e9\u00a0<\/span><\/p>\n<p><span style=\"font-size: 16px;\">le Pays de Vaud lors de la premi\u00e8re \u00e9pid\u00e9mie <\/span><span style=\"font-size: 16px; word-spacing: normal;\">des ann\u00e9es 1348-1350. Mais elle fera des ravages au si\u00e8cle suivant.<\/span><\/p>\n<div align=\"justify\">\n<p><span style=\"font-size: 16px;\"><span style=\"font-family: Verdana, Arial, Helvetica, sans-serif;\">Lors de la visite d&rsquo;\u00e9glises de 1453, de nombreuses paroisses comptaient moins d&rsquo;habitants qu&rsquo;elles n&rsquo;en avaient lors de la visite de 1416. Les serfs affranchis \u00e0 cette \u00e9poque ne re\u00e7urent pas toujours le droit de quitter la seigneurie ; dans des campagnes d\u00e9j\u00e0 touch\u00e9es par la peste, des d\u00e9parts en masse vers les villes auraient priv\u00e9 le seigneur de ses revenus.<\/span><\/span><\/p>\n<\/div>\n<\/div>\n<p>&nbsp;<\/p>\n<p><span style=\"color: #086b99; font-size: 20px;\"><b style=\"word-spacing: normal;\">Guerres et crises politiques<\/b><\/span><\/p>\n<div align=\"justify\">\n<div align=\"justify\">\n<p><span style=\"font-size: 16px;\">Les comtes puis ducs de Savoie guerroyaient beaucoup et les finances de l&rsquo;Etat s&rsquo;en ressentirent. Parfois guerres<\/span><span style=\"font-size: 16px;\"> d&rsquo;expansion, mais aussi n\u00e9cessit\u00e9 de d\u00e9fendre le pays menac\u00e9 par les bandes de soldats pillards lors de la Guerre de Cent Ans : lors des tr\u00eaves, les troupes sans emploi vivaient de brigandage. \u00ab\u00a0Routiers\u00a0\u00bb au XIV e si\u00e8cle, \u00ab\u00a0\u00e9corcheurs\u00a0\u00bb au milieu du XV e si\u00e8cle, <\/span><span style=\"font-size: 16px;\">inqui\u00e9t\u00e8rent les Etats de Vaud.<\/span><\/p>\n<p><span style=\"font-family: Verdana, Arial, Helvetica, sans-serif; font-size: 16px;\"><img loading=\"lazy\" decoding=\"async\" class=\"wp-image-535 alignleft\" src=\"http:\/\/chateauderolle.ch\/wp-content\/uploads\/2022\/05\/combat.jpg\" alt=\"\" width=\"598\" height=\"278\" srcset=\"https:\/\/chateauderolle.ch\/wp-content\/uploads\/2022\/05\/combat.jpg 721w, https:\/\/chateauderolle.ch\/wp-content\/uploads\/2022\/05\/combat-300x139.jpg 300w\" sizes=\"(max-width: 598px) 100vw, 598px\" \/>Apr\u00e8s le long r\u00e8gne d&rsquo; Am\u00e9d\u00e9e VIII (1383-1451), plusieurs ducs moururent pr\u00e9matur\u00e9ment, laissant le pouvoir \u00e0 un enfant mineur, d&rsquo;o\u00f9 les difficult\u00e9s qu&rsquo;am\u00e8ne toujours une p\u00e9riode de r\u00e9gence. Par ailleurs, quelques ducs n&rsquo;eurent pas les qualit\u00e9s d&rsquo;un bon souverain. Enfin, la distribution d&rsquo;apanages aux cadets entra\u00eena la fin de l&rsquo;unit\u00e9 de l&rsquo;Etat. Jacques de Savoie re\u00e7ut le Pays de Vaud en apanage en 1460 et devint comte de Romont. En conflit avec sa belle-soeur, la duchesse r\u00e9gente, il s&#8217;empara de plusieurs ch\u00e2tellenies rest\u00e9es sous la domination du duc, qu&rsquo;un arbitrage bernois et fribourgeois l&rsquo;autorisa \u00e0 garder en 1471.<br \/>\n<\/span><br \/>\n<span style=\"font-family: Verdana, Arial, Helvetica, sans-serif; font-size: 16px;\">En effet, autrefois prot\u00e9g\u00e9e des comtes, la ville de Berne avait r\u00e9ussi \u00e0 affermir sa position et \u00e0 constituer un territoire important. Victorieuse \u00e0 Laupen en 1339 contre une coalition de voisins inquiets de voir monter cette nouvelle puissance, Berne \u00e9tait entr\u00e9e en 1353 dans la Conf\u00e9d\u00e9ration helv\u00e9tique. De prot\u00e9g\u00e9e, elle devint l&rsquo;alli\u00e9e des Savoie, avant d&rsquo;\u00eatre leur rivale. Elle avait su aussi se r\u00e9concilier avec Fribourg, son ennemie tant que celle-ci avait \u00e9t\u00e9 sous la domination des Habsbourg.<\/span><\/p>\n<p>&nbsp;<\/p>\n<p><span style=\"font-size: 16px;\"><span style=\"color: #086b99; font-size: 20px;\"><strong>Les ducs de Bourgogne<\/strong><\/span><br \/>\n<\/span><br \/>\n<span style=\"font-size: 16px;\">Au-del\u00e0 du Jura, une autre puissance s&rsquo;\u00e9tait lev\u00e9e. Les ducs de Bourgogne, Philippe le Bon, puis Charles le T\u00e9m\u00e9raire avaient reconstitu\u00e9 un Etat puissant de la Bourgogne \u00e0 la Mer du Nord et Charles avait l&rsquo;ambition de recr\u00e9er l&rsquo;ancienne Lotharingie, des Flandres \u00e0 l&rsquo;Italie. La richesse de ses Etats faisait du T\u00e9m\u00e9raire un rival dangereux pour le roi de France Louis XI.<\/span><\/p>\n<p><span style=\"font-size: 16px;\">Charles \u00e9tait aussi en conflit avec les Habsbourg en convoitant la couronne imp\u00e9riale. Pour les villes du Rhin et pour Berne enfin, qui barrait la route d&rsquo;Italie au duc et qui cherchait \u00e0 s&rsquo;\u00e9tendre en direction du Jura, le duc de Bourgogne \u00e9tait une menace.<\/span><\/p>\n<\/div>\n<\/div>\n","protected":false},"excerpt":{"rendered":"<p>Les Etats de Vaud Une institution a permis aux sujets directs des Savoie de jouer un r\u00f4le politique non n\u00e9gligeable. Attribu\u00e9s faussement \u00e0 Pierre de Savoie, les Etats de Vaud ne sont attest\u00e9s dans les sources que d\u00e8s le milieu du XIV e si\u00e8cle. Le comte, puis duc de Savoie ( Am\u00e9d\u00e9e VIII re\u00e7oit ce&#8230;<\/p>\n","protected":false},"author":1,"featured_media":0,"parent":0,"menu_order":0,"comment_status":"closed","ping_status":"closed","template":"","meta":{"_et_pb_use_builder":"","_et_pb_old_content":"","_et_gb_content_width":"","footnotes":""},"class_list":["post-524","page","type-page","status-publish","hentry"],"_links":{"self":[{"href":"https:\/\/chateauderolle.ch\/index.php\/wp-json\/wp\/v2\/pages\/524","targetHints":{"allow":["GET"]}}],"collection":[{"href":"https:\/\/chateauderolle.ch\/index.php\/wp-json\/wp\/v2\/pages"}],"about":[{"href":"https:\/\/chateauderolle.ch\/index.php\/wp-json\/wp\/v2\/types\/page"}],"author":[{"embeddable":true,"href":"https:\/\/chateauderolle.ch\/index.php\/wp-json\/wp\/v2\/users\/1"}],"replies":[{"embeddable":true,"href":"https:\/\/chateauderolle.ch\/index.php\/wp-json\/wp\/v2\/comments?post=524"}],"version-history":[{"count":9,"href":"https:\/\/chateauderolle.ch\/index.php\/wp-json\/wp\/v2\/pages\/524\/revisions"}],"predecessor-version":[{"id":1251,"href":"https:\/\/chateauderolle.ch\/index.php\/wp-json\/wp\/v2\/pages\/524\/revisions\/1251"}],"wp:attachment":[{"href":"https:\/\/chateauderolle.ch\/index.php\/wp-json\/wp\/v2\/media?parent=524"}],"curies":[{"name":"wp","href":"https:\/\/api.w.org\/{rel}","templated":true}]}}